{"id":2,"date":"2024-02-06T19:47:43","date_gmt":"2024-02-06T19:47:43","guid":{"rendered":"http:\/\/localhost\/wordpress\/?page_id=2"},"modified":"2024-04-28T16:05:49","modified_gmt":"2024-04-28T16:05:49","slug":"sample-page","status":"publish","type":"page","link":"https:\/\/www.tomas-maras.cz\/","title":{"rendered":"AUTOR \/ AUTHOR"},"content":{"rendered":"\t\t<div data-elementor-type=\"wp-page\" data-elementor-id=\"2\" class=\"elementor elementor-2\">\n\t\t\t\t<div class=\"elementor-element elementor-element-68d06ec4 e-flex e-con-boxed e-con e-parent\" data-id=\"68d06ec4\" data-element_type=\"container\">\n\t\t\t\t\t<div class=\"e-con-inner\">\n\t\t\t\t<div class=\"elementor-element elementor-element-7fea8438 elementor-widget elementor-widget-text-editor\" data-id=\"7fea8438\" data-element_type=\"widget\" data-widget_type=\"text-editor.default\">\n\t\t\t\t<div class=\"elementor-widget-container\">\n\t\t\t\t\t\t\t\t\t\r\n<p><strong>Tom\u00e1\u0161 Ma\u0159as<\/strong> se narodil 12.12.1971 v Praze, kde str\u00e1vil d\u011btstv\u00ed. Dosp\u00edv\u00e1n\u00ed a v\u011bt\u0161inu \u017eivota pro\u017eil na \u010ceskolipsku a v sou\u010dasnosti \u017eije v Liberci. P\u016fvodn\u00ed profes\u00ed skl\u00e1\u0159 se zam\u011b\u0159en\u00edm na v\u00fdrobu forem se malb\u011b a kresb\u011b v\u011bnuje des\u00edtky let. Na zak\u00e1zku vytvo\u0159il nap\u0159\u00edklad olejomalby pro tetovac\u00ed salony (nap\u0159. Hannah Tattoo). Tetov\u00e1n\u00ed tak\u00e9 navrhoval a n\u011bkter\u00e9 n\u00e1vrhy publikoval Tattoo Art Magazin Tetov\u00e1n\u00ed. Ilustracemi p\u0159isp\u011bl do dnes ji\u017e neexistuj\u00edc\u00edho \u010dasopisu Ikarie. Pro spole\u010dnost Crystal Caviar navrhl sady n\u00e1pojov\u00fdch souprav nebo motivy pro p\u00edskovan\u00e9 a leptan\u00e9 sklen\u011bn\u00e9 st\u011bny do interi\u00e9r\u016f. Na za\u010d\u00e1tku mil\u00e9nia v\u011bnoval n\u011bkolik let ve\u0161kerou um\u011bleckou aktivitu keramice, kdy krom\u011b autorsk\u00fdch plastik do interi\u00e9r\u016f vytvo\u0159il tak\u00e9 prostorov\u011b objemn\u00e9 m\u00edsy. Nyn\u00ed se v\u011bnuje v\u00fdhradn\u011b voln\u00e9 tvorb\u011b, kdy se orientuje na olej, akryl, akvarel a kresbu.<\/p>\r\n\r\n\r\n\r\n<p><strong>Tom\u00e1\u0161 Ma\u0159as<\/strong> was born on December 12th in Prague where he also spent his childhood. He spent his teen years and most of his life in the \u010cesk\u00e1 L\u00edpa region and currently he resides in Liberec. Originally a glassmaker specialized in forms, he has been painting and drawing for decades. He has made commissioned oil paintings for tattoo studios (Hannah Tattoo) and he did some tattoo designs himself, some were published by Tattoo Art Magazin Tetov\u00e1n\u00ed. He contributed to a no longer existing magazine Ikarie with his illustrations. Also he designed beverage sets for the Crystal Caviar company and interior sandblasted and etched glass wall motives. At the beginning of the millennium he focused exclusively on ceramic for several years. In this field he has made original sculptures and space-intensive interior bowls. Currently he focuses on free-themed art using oil, acrylic paint, aquarell and drawing.<\/p>\r\n\r\n\r\n\r\n\r\n\t\t\t\t\t\t\t\t<\/div>\n\t\t\t\t<\/div>\n\t\t\t\t<div class=\"elementor-element elementor-element-52a4b1f elementor-widget elementor-widget-text-path\" data-id=\"52a4b1f\" data-element_type=\"widget\" data-settings=\"{&quot;text&quot;:&quot;Zde p\\u0159idejte sv\\u016fj zak\\u0159iven\\u00fd text&quot;,&quot;link&quot;:{&quot;url&quot;:&quot;&quot;,&quot;is_external&quot;:&quot;&quot;,&quot;nofollow&quot;:&quot;&quot;,&quot;custom_attributes&quot;:&quot;&quot;},&quot;start_point&quot;:{&quot;unit&quot;:&quot;%&quot;,&quot;size&quot;:0,&quot;sizes&quot;:[]}}\" data-widget_type=\"text-path.default\">\n\t\t\t\t<div class=\"elementor-widget-container\">\n\t\t\t\t\t\t\t<div class=\"e-text-path\" data-text=\"Zde p\u0159idejte sv\u016fj zak\u0159iven&yacute; text\" data-url=\"\/\/www.tomas-maras.cz\/wp-content\/plugins\/elementor\/assets\/svg-paths\/wave.svg\" data-link-url=\"\"><\/div>\n\t\t\t\t\t\t<\/div>\n\t\t\t\t<\/div>\n\t\t\t\t\t<\/div>\n\t\t\t\t<\/div>\n\t\t\t\t<\/div>\n\t\t","protected":false},"excerpt":{"rendered":"<p>Tom\u00e1\u0161 Ma\u0159as se narodil 12.12.1971 v Praze, kde str\u00e1vil d\u011btstv\u00ed. Dosp\u00edv\u00e1n\u00ed a v\u011bt\u0161inu \u017eivota pro\u017eil na \u010ceskolipsku a v sou\u010dasnosti \u017eije v Liberci. P\u016fvodn\u00ed profes\u00ed skl\u00e1\u0159 se zam\u011b\u0159en\u00edm na v\u00fdrobu forem se malb\u011b a kresb\u011b v\u011bnuje des\u00edtky let. Na zak\u00e1zku vytvo\u0159il nap\u0159\u00edklad olejomalby pro tetovac\u00ed salony (nap\u0159. Hannah Tattoo). Tetov\u00e1n\u00ed tak\u00e9 navrhoval a n\u011bkter\u00e9 n\u00e1vrhy [&hellip;]<\/p>\n","protected":false},"author":1,"featured_media":0,"parent":0,"menu_order":0,"comment_status":"closed","ping_status":"closed","template":"","meta":{"footnotes":""},"yoast_head":"<!-- This site is optimized with the Yoast SEO plugin v22.5 - https:\/\/yoast.com\/wordpress\/plugins\/seo\/ -->\n<title>AUTOR \/ AUTHOR - Tom\u00e1\u0161 MA\u0158AS - mal\u00ed\u0159 a v\u00fdtvarn\u00edk<\/title>\n<meta name=\"robots\" content=\"index, follow, max-snippet:-1, max-image-preview:large, max-video-preview:-1\" \/>\n<link rel=\"canonical\" href=\"https:\/\/www.tomas-maras.cz\/\" \/>\n<meta property=\"og:locale\" content=\"cs_CZ\" \/>\n<meta property=\"og:type\" content=\"article\" \/>\n<meta property=\"og:title\" content=\"AUTOR \/ AUTHOR - Tom\u00e1\u0161 MA\u0158AS - mal\u00ed\u0159 a v\u00fdtvarn\u00edk\" \/>\n<meta property=\"og:description\" content=\"Tom\u00e1\u0161 Ma\u0159as se narodil 12.12.1971 v Praze, kde str\u00e1vil d\u011btstv\u00ed. Dosp\u00edv\u00e1n\u00ed a v\u011bt\u0161inu \u017eivota pro\u017eil na \u010ceskolipsku a v sou\u010dasnosti \u017eije v Liberci. P\u016fvodn\u00ed profes\u00ed skl\u00e1\u0159 se zam\u011b\u0159en\u00edm na v\u00fdrobu forem se malb\u011b a kresb\u011b v\u011bnuje des\u00edtky let. Na zak\u00e1zku vytvo\u0159il nap\u0159\u00edklad olejomalby pro tetovac\u00ed salony (nap\u0159. Hannah Tattoo). Tetov\u00e1n\u00ed tak\u00e9 navrhoval a n\u011bkter\u00e9 n\u00e1vrhy [&hellip;]\" \/>\n<meta property=\"og:url\" content=\"https:\/\/www.tomas-maras.cz\/\" \/>\n<meta property=\"og:site_name\" content=\"Tom\u00e1\u0161 MA\u0158AS - mal\u00ed\u0159 a v\u00fdtvarn\u00edk\" \/>\n<meta property=\"article:publisher\" content=\"https:\/\/www.facebook.com\/profile.php?id=100070739244128\" \/>\n<meta property=\"article:modified_time\" content=\"2024-04-28T16:05:49+00:00\" \/>\n<meta name=\"twitter:card\" content=\"summary_large_image\" \/>\n<meta name=\"twitter:label1\" content=\"Odhadovan\u00e1 doba \u010dten\u00ed\" \/>\n\t<meta name=\"twitter:data1\" content=\"2 minuty\" \/>\n<script type=\"application\/ld+json\" class=\"yoast-schema-graph\">{\"@context\":\"https:\/\/schema.org\",\"@graph\":[{\"@type\":\"WebPage\",\"@id\":\"https:\/\/www.tomas-maras.cz\/\",\"url\":\"https:\/\/www.tomas-maras.cz\/\",\"name\":\"AUTOR \/ AUTHOR - Tom\u00e1\u0161 MA\u0158AS - mal\u00ed\u0159 a v\u00fdtvarn\u00edk\",\"isPartOf\":{\"@id\":\"https:\/\/www.tomas-maras.cz\/#website\"},\"datePublished\":\"2024-02-06T19:47:43+00:00\",\"dateModified\":\"2024-04-28T16:05:49+00:00\",\"breadcrumb\":{\"@id\":\"https:\/\/www.tomas-maras.cz\/#breadcrumb\"},\"inLanguage\":\"cs\",\"potentialAction\":[{\"@type\":\"ReadAction\",\"target\":[\"https:\/\/www.tomas-maras.cz\/\"]}]},{\"@type\":\"BreadcrumbList\",\"@id\":\"https:\/\/www.tomas-maras.cz\/#breadcrumb\",\"itemListElement\":[{\"@type\":\"ListItem\",\"position\":1,\"name\":\"Dom\u016f\",\"item\":\"https:\/\/www.tomas-maras.cz\/\"},{\"@type\":\"ListItem\",\"position\":2,\"name\":\"AUTOR \/ AUTHOR\"}]},{\"@type\":\"WebSite\",\"@id\":\"https:\/\/www.tomas-maras.cz\/#website\",\"url\":\"https:\/\/www.tomas-maras.cz\/\",\"name\":\"tomas-maras.cz\",\"description\":\"\",\"publisher\":{\"@id\":\"https:\/\/www.tomas-maras.cz\/#\/schema\/person\/a229169f82a954ee069f99446051aa30\"},\"potentialAction\":[{\"@type\":\"SearchAction\",\"target\":{\"@type\":\"EntryPoint\",\"urlTemplate\":\"https:\/\/www.tomas-maras.cz\/?s={search_term_string}\"},\"query-input\":\"required name=search_term_string\"}],\"inLanguage\":\"cs\"},{\"@type\":[\"Person\",\"Organization\"],\"@id\":\"https:\/\/www.tomas-maras.cz\/#\/schema\/person\/a229169f82a954ee069f99446051aa30\",\"name\":\"tomasmaras\",\"image\":{\"@type\":\"ImageObject\",\"inLanguage\":\"cs\",\"@id\":\"https:\/\/www.tomas-maras.cz\/#\/schema\/person\/image\/\",\"url\":\"https:\/\/www.tomas-maras.cz\/wp-content\/uploads\/2021\/09\/IMG_9603-2-CB-scaled.jpg\",\"contentUrl\":\"https:\/\/www.tomas-maras.cz\/wp-content\/uploads\/2021\/09\/IMG_9603-2-CB-scaled.jpg\",\"width\":2560,\"height\":1986,\"caption\":\"tomasmaras\"},\"logo\":{\"@id\":\"https:\/\/www.tomas-maras.cz\/#\/schema\/person\/image\/\"},\"sameAs\":[\"http:\/\/localhost\/wordpress\",\"https:\/\/www.facebook.com\/profile.php?id=100070739244128\",\"https:\/\/www.instagram.com\/tomas.maras.art\/\"]}]}<\/script>\n<!-- \/ Yoast SEO plugin. -->","yoast_head_json":{"title":"AUTOR \/ AUTHOR - Tom\u00e1\u0161 MA\u0158AS - mal\u00ed\u0159 a v\u00fdtvarn\u00edk","robots":{"index":"index","follow":"follow","max-snippet":"max-snippet:-1","max-image-preview":"max-image-preview:large","max-video-preview":"max-video-preview:-1"},"canonical":"https:\/\/www.tomas-maras.cz\/","og_locale":"cs_CZ","og_type":"article","og_title":"AUTOR \/ AUTHOR - Tom\u00e1\u0161 MA\u0158AS - mal\u00ed\u0159 a v\u00fdtvarn\u00edk","og_description":"Tom\u00e1\u0161 Ma\u0159as se narodil 12.12.1971 v Praze, kde str\u00e1vil d\u011btstv\u00ed. Dosp\u00edv\u00e1n\u00ed a v\u011bt\u0161inu \u017eivota pro\u017eil na \u010ceskolipsku a v sou\u010dasnosti \u017eije v Liberci. P\u016fvodn\u00ed profes\u00ed skl\u00e1\u0159 se zam\u011b\u0159en\u00edm na v\u00fdrobu forem se malb\u011b a kresb\u011b v\u011bnuje des\u00edtky let. Na zak\u00e1zku vytvo\u0159il nap\u0159\u00edklad olejomalby pro tetovac\u00ed salony (nap\u0159. Hannah Tattoo). Tetov\u00e1n\u00ed tak\u00e9 navrhoval a n\u011bkter\u00e9 n\u00e1vrhy [&hellip;]","og_url":"https:\/\/www.tomas-maras.cz\/","og_site_name":"Tom\u00e1\u0161 MA\u0158AS - mal\u00ed\u0159 a v\u00fdtvarn\u00edk","article_publisher":"https:\/\/www.facebook.com\/profile.php?id=100070739244128","article_modified_time":"2024-04-28T16:05:49+00:00","twitter_card":"summary_large_image","twitter_misc":{"Odhadovan\u00e1 doba \u010dten\u00ed":"2 minuty"},"schema":{"@context":"https:\/\/schema.org","@graph":[{"@type":"WebPage","@id":"https:\/\/www.tomas-maras.cz\/","url":"https:\/\/www.tomas-maras.cz\/","name":"AUTOR \/ AUTHOR - Tom\u00e1\u0161 MA\u0158AS - mal\u00ed\u0159 a v\u00fdtvarn\u00edk","isPartOf":{"@id":"https:\/\/www.tomas-maras.cz\/#website"},"datePublished":"2024-02-06T19:47:43+00:00","dateModified":"2024-04-28T16:05:49+00:00","breadcrumb":{"@id":"https:\/\/www.tomas-maras.cz\/#breadcrumb"},"inLanguage":"cs","potentialAction":[{"@type":"ReadAction","target":["https:\/\/www.tomas-maras.cz\/"]}]},{"@type":"BreadcrumbList","@id":"https:\/\/www.tomas-maras.cz\/#breadcrumb","itemListElement":[{"@type":"ListItem","position":1,"name":"Dom\u016f","item":"https:\/\/www.tomas-maras.cz\/"},{"@type":"ListItem","position":2,"name":"AUTOR \/ AUTHOR"}]},{"@type":"WebSite","@id":"https:\/\/www.tomas-maras.cz\/#website","url":"https:\/\/www.tomas-maras.cz\/","name":"tomas-maras.cz","description":"","publisher":{"@id":"https:\/\/www.tomas-maras.cz\/#\/schema\/person\/a229169f82a954ee069f99446051aa30"},"potentialAction":[{"@type":"SearchAction","target":{"@type":"EntryPoint","urlTemplate":"https:\/\/www.tomas-maras.cz\/?s={search_term_string}"},"query-input":"required name=search_term_string"}],"inLanguage":"cs"},{"@type":["Person","Organization"],"@id":"https:\/\/www.tomas-maras.cz\/#\/schema\/person\/a229169f82a954ee069f99446051aa30","name":"tomasmaras","image":{"@type":"ImageObject","inLanguage":"cs","@id":"https:\/\/www.tomas-maras.cz\/#\/schema\/person\/image\/","url":"https:\/\/www.tomas-maras.cz\/wp-content\/uploads\/2021\/09\/IMG_9603-2-CB-scaled.jpg","contentUrl":"https:\/\/www.tomas-maras.cz\/wp-content\/uploads\/2021\/09\/IMG_9603-2-CB-scaled.jpg","width":2560,"height":1986,"caption":"tomasmaras"},"logo":{"@id":"https:\/\/www.tomas-maras.cz\/#\/schema\/person\/image\/"},"sameAs":["http:\/\/localhost\/wordpress","https:\/\/www.facebook.com\/profile.php?id=100070739244128","https:\/\/www.instagram.com\/tomas.maras.art\/"]}]}},"_links":{"self":[{"href":"https:\/\/www.tomas-maras.cz\/index.php\/wp-json\/wp\/v2\/pages\/2"}],"collection":[{"href":"https:\/\/www.tomas-maras.cz\/index.php\/wp-json\/wp\/v2\/pages"}],"about":[{"href":"https:\/\/www.tomas-maras.cz\/index.php\/wp-json\/wp\/v2\/types\/page"}],"author":[{"embeddable":true,"href":"https:\/\/www.tomas-maras.cz\/index.php\/wp-json\/wp\/v2\/users\/1"}],"replies":[{"embeddable":true,"href":"https:\/\/www.tomas-maras.cz\/index.php\/wp-json\/wp\/v2\/comments?post=2"}],"version-history":[{"count":14,"href":"https:\/\/www.tomas-maras.cz\/index.php\/wp-json\/wp\/v2\/pages\/2\/revisions"}],"predecessor-version":[{"id":332,"href":"https:\/\/www.tomas-maras.cz\/index.php\/wp-json\/wp\/v2\/pages\/2\/revisions\/332"}],"wp:attachment":[{"href":"https:\/\/www.tomas-maras.cz\/index.php\/wp-json\/wp\/v2\/media?parent=2"}],"curies":[{"name":"wp","href":"https:\/\/api.w.org\/{rel}","templated":true}]}}